{"id":743,"date":"2024-12-03T11:53:41","date_gmt":"2024-12-03T11:53:41","guid":{"rendered":"https:\/\/misionreinadelapaz.com\/?page_id=743"},"modified":"2025-04-09T10:04:35","modified_gmt":"2025-04-09T10:04:35","slug":"mision-obras","status":"publish","type":"page","link":"https:\/\/misionreinadelapaz.com\/index.php\/mision-obras\/","title":{"rendered":"Mision-Obras"},"content":{"rendered":"\n<div style=\"background-image:url(&apos;https:\/\/misionreinadelapaz.com\/wp-content\/uploads\/2024\/11\/Cabezal_01-e1731715569435.jpg&apos;);background-size:cover;\" class=\"wp-block-group alignfull is-layout-flow wp-block-group-is-layout-flow has-background\">\n<div class=\"wp-block-group is-layout-flow wp-block-group-is-layout-flow\">\n<div style=\"height:55px\" aria-hidden=\"true\" class=\"wp-block-spacer\"><\/div>\n\n\n\n<h1 class=\"wp-block-heading has-text-align-center txtsombra2 has-contrast-2-color has-text-color has-link-color has-large-font-size wp-elements-82c3d2a9d63bcdb1ac803626cd0fd70a\">Misi\u00f3n &#8211; Obras<\/h1>\n\n\n\n<div style=\"height:45px\" aria-hidden=\"true\" class=\"wp-block-spacer\"><\/div>\n<\/div>\n\n\n\n<div class=\"wp-block-group alignfull nomargin has-background is-layout-flow wp-block-group-is-layout-flow\" style=\"background:linear-gradient(0deg,rgb(245,248,250) 0%,rgba(81,167,224,0.52) 88%,rgba(223,217,92,0.52) 98%);margin-top:0px;margin-bottom:0px\">\n<div style=\"height:30px\" aria-hidden=\"true\" class=\"wp-block-spacer nomargin\"><\/div>\n<\/div>\n<\/div>\n\n\n\n<main class=\"wp-block-group alignwide has-background is-layout-flow wp-container-core-group-is-layout-34a1af92 wp-block-group-is-layout-flow\" style=\"background:linear-gradient(0deg,rgb(64,182,250) 0%,rgb(210,235,247) 100%);margin-top:0;padding-top:var(--wp--preset--spacing--10);padding-right:var(--wp--preset--spacing--10);padding-bottom:var(--wp--preset--spacing--10);padding-left:var(--wp--preset--spacing--10);background-image:url(&apos;https:\/\/misionreinadelapaz.com\/wp-content\/uploads\/2024\/11\/Cabezal_01-e1731715569435.jpg&apos;);background-position:51% 54%;background-size:cover;background-attachment:fixed;\">\n<div class=\"wp-block-columns is-layout-flex wp-container-core-columns-is-layout-28f84493 wp-block-columns-is-layout-flex\">\n<div class=\"wp-block-column is-layout-flow wp-block-column-is-layout-flow\" style=\"flex-basis:15%\"><\/div>\n\n\n\n<div class=\"wp-block-column is-layout-flow wp-block-column-is-layout-flow\" style=\"flex-basis:90%\">\n<div class=\"wp-block-group alignfull has-background has-global-padding is-layout-constrained wp-container-core-group-is-layout-2b23ae62 wp-block-group-is-layout-constrained\" style=\"border-radius:24px;background-color:#edffffe6;margin-top:var(--wp--preset--spacing--30);margin-bottom:var(--wp--preset--spacing--30);padding-top:var(--wp--preset--spacing--30);padding-right:var(--wp--preset--spacing--40);padding-bottom:var(--wp--preset--spacing--30);padding-left:var(--wp--preset--spacing--40);box-shadow:6px 6px 9px rgba(0, 0, 0, 0.2)\">\n<div class=\"wp-block-group alignwide has-global-padding is-layout-constrained wp-block-group-is-layout-constrained\">\n<div style=\"height:70px\" aria-hidden=\"true\" class=\"wp-block-spacer\"><\/div>\n\n\n\n<h1 class=\"wp-block-heading has-text-align-center neonblanco1 has-text-color has-link-color has-imperial-script-font-family wp-elements-efd1397f215f1c0cb5ec47eb9cd4cfe7\" style=\"color:#007afa;font-size:clamp(2.2rem, 2.2rem + ((1vw - 0.2rem) * 3), 4rem);text-transform:none\">Misi\u00f3n Reina de la Paz<\/h1>\n\n\n\n<div style=\"height:30px\" aria-hidden=\"true\" class=\"wp-block-spacer\"><\/div>\n\n\n\n<h4 class=\"wp-block-heading\">Est\u00e1 ubicada en el Barrio Santa Isabel, Ruta 38 km. 91, localidad de Charbonier, a 9 km., al norte de Capilla del Monte. C\u00f3rdoba \u2013 Argentina.<\/h4>\n\n\n\n<div style=\"height:3vh\" aria-hidden=\"true\" class=\"wp-block-spacer\"><\/div>\n\n\n\n<div class=\"wp-block-group alignfull has-global-padding is-layout-constrained wp-container-core-group-is-layout-481dc8fc wp-block-group-is-layout-constrained\" style=\"margin-top:0;margin-bottom:0;padding-top:0;padding-right:0;padding-bottom:0;padding-left:0\">\n<div class=\"wp-block-columns alignwide is-layout-flex wp-container-core-columns-is-layout-ff4b9c61 wp-block-columns-is-layout-flex\" style=\"margin-top:0;margin-bottom:0\">\n<div class=\"wp-block-column is-layout-flow wp-container-core-column-is-layout-8a368f38 wp-block-column-is-layout-flow\">\n<figure class=\"wp-block-image size-full is-style-rounded is-style-rounded--1\"><img loading=\"lazy\" decoding=\"async\" width=\"800\" height=\"594\" src=\"https:\/\/misionreinadelapaz.com\/wp-content\/uploads\/2025\/02\/DesdeCruzEje022013.jpg\" alt=\"\" class=\"wp-image-894\" style=\"aspect-ratio:4\/3;object-fit:cover\" srcset=\"https:\/\/misionreinadelapaz.com\/wp-content\/uploads\/2025\/02\/DesdeCruzEje022013.jpg 800w, https:\/\/misionreinadelapaz.com\/wp-content\/uploads\/2025\/02\/DesdeCruzEje022013-300x223.jpg 300w, https:\/\/misionreinadelapaz.com\/wp-content\/uploads\/2025\/02\/DesdeCruzEje022013-768x570.jpg 768w\" sizes=\"auto, (max-width: 800px) 100vw, 800px\" \/><\/figure>\n\n\n\n<div style=\"height:var(--wp--preset--spacing--50)\" aria-hidden=\"true\" class=\"wp-block-spacer\"><\/div>\n\n\n\n<figure class=\"wp-block-image size-large is-style-rounded is-style-rounded--2\"><img decoding=\"async\" src=\"https:\/\/misionreinadelapaz.com\/wp-content\/uploads\/2025\/02\/DesdeCapilla022013.jpg\" alt=\"\" style=\"aspect-ratio:4\/3;object-fit:cover\"\/><\/figure>\n<\/div>\n\n\n\n<div class=\"wp-block-column is-layout-flow wp-container-core-column-is-layout-8a368f38 wp-block-column-is-layout-flow\">\n<div style=\"height:var(--wp--preset--spacing--50)\" aria-hidden=\"true\" class=\"wp-block-spacer\"><\/div>\n\n\n\n<figure class=\"wp-block-image size-full is-style-rounded is-style-rounded--3\"><img loading=\"lazy\" decoding=\"async\" width=\"640\" height=\"640\" src=\"https:\/\/misionreinadelapaz.com\/wp-content\/uploads\/2025\/04\/MRP-Foto-de-entrada-.jpg\" alt=\"\" class=\"wp-image-943\" style=\"aspect-ratio:4\/3;object-fit:cover\" srcset=\"https:\/\/misionreinadelapaz.com\/wp-content\/uploads\/2025\/04\/MRP-Foto-de-entrada-.jpg 640w, https:\/\/misionreinadelapaz.com\/wp-content\/uploads\/2025\/04\/MRP-Foto-de-entrada--300x300.jpg 300w, https:\/\/misionreinadelapaz.com\/wp-content\/uploads\/2025\/04\/MRP-Foto-de-entrada--150x150.jpg 150w\" sizes=\"auto, (max-width: 640px) 100vw, 640px\" \/><\/figure>\n\n\n\n<div style=\"height:var(--wp--preset--spacing--50)\" aria-hidden=\"true\" class=\"wp-block-spacer\"><\/div>\n<\/div>\n<\/div>\n<\/div>\n\n\n\n<div style=\"height:2vh\" aria-hidden=\"true\" class=\"wp-block-spacer\"><\/div>\n\n\n\n<figure class=\"wp-block-image aligncenter size-full is-resized\" style=\"margin-top:0;margin-right:0;margin-bottom:0;margin-left:0\"><img loading=\"lazy\" decoding=\"async\" width=\"366\" height=\"370\" src=\"https:\/\/misionreinadelapaz.com\/wp-content\/uploads\/2024\/11\/assets_01.png\" alt=\"\" class=\"wp-image-52\" style=\"width:50px\" srcset=\"https:\/\/misionreinadelapaz.com\/wp-content\/uploads\/2024\/11\/assets_01.png 366w, https:\/\/misionreinadelapaz.com\/wp-content\/uploads\/2024\/11\/assets_01-297x300.png 297w\" sizes=\"auto, (max-width: 366px) 100vw, 366px\" \/><\/figure>\n\n\n\n<div style=\"height:2vh\" aria-hidden=\"true\" class=\"wp-block-spacer\"><\/div>\n\n\n\n<p>El 11 de febrero de 2009, viviendo Patricia en su casa de La Plata, la Virgen en Aparici\u00f3n se le Muestra como la Virgen de Lourdes, le da la visi\u00f3n de una casa en Capilla del Monte, C\u00f3rdoba y le Dice que es all\u00ed donde Quiere Establecerse.<br>\u201cCasita de Paz\u201d, es como la Virgen Llam\u00f3 a Su Casa Misional, donde desde la Pascua del 2009, Patricia esta dando su servicio a la Madre.<br>Dicha casa se adquiri\u00f3 con ofrenda incondicional, como se hicieron todas las obras en su conjunto.<br>Inmediatamente se llevaron a cabo los trabajos para la habilitaci\u00f3n de la Casa Misional.<\/p>\n\n\n\n<p>El s\u00e1bado 3 de abril de 2009, en el D\u00eda de Visitaci\u00f3n de la Madre, se inaugur\u00f3 la \u201cCasita de Paz\u201d desde entonces, Patricia se encuentra en Santa Isabel, preparando los lugares que la Madre Le pide para dar Su Servicio.<\/p>\n\n\n\n<div style=\"height:3vh\" aria-hidden=\"true\" class=\"wp-block-spacer\"><\/div>\n\n\n\n<div class=\"wp-block-group alignfull has-global-padding is-layout-constrained wp-container-core-group-is-layout-481dc8fc wp-block-group-is-layout-constrained\" style=\"margin-top:0;margin-bottom:0;padding-top:0;padding-right:0;padding-bottom:0;padding-left:0\">\n<div class=\"wp-block-columns alignwide is-layout-flex wp-container-core-columns-is-layout-ff4b9c61 wp-block-columns-is-layout-flex\" style=\"margin-top:0;margin-bottom:0\">\n<div class=\"wp-block-column is-layout-flow wp-container-core-column-is-layout-8a368f38 wp-block-column-is-layout-flow\">\n<figure class=\"wp-block-image size-full is-style-rounded is-style-rounded--4\"><img loading=\"lazy\" decoding=\"async\" width=\"1024\" height=\"573\" src=\"https:\/\/misionreinadelapaz.com\/wp-content\/uploads\/2025\/02\/misionobras_001.jpg\" alt=\"\" class=\"wp-image-906\" style=\"aspect-ratio:4\/3;object-fit:cover\" srcset=\"https:\/\/misionreinadelapaz.com\/wp-content\/uploads\/2025\/02\/misionobras_001.jpg 1024w, https:\/\/misionreinadelapaz.com\/wp-content\/uploads\/2025\/02\/misionobras_001-300x168.jpg 300w, https:\/\/misionreinadelapaz.com\/wp-content\/uploads\/2025\/02\/misionobras_001-768x430.jpg 768w\" sizes=\"auto, (max-width: 1024px) 100vw, 1024px\" \/><\/figure>\n\n\n\n<div style=\"height:var(--wp--preset--spacing--50)\" aria-hidden=\"true\" class=\"wp-block-spacer\"><\/div>\n\n\n\n<figure class=\"wp-block-image size-full is-style-rounded is-style-rounded--5\"><img loading=\"lazy\" decoding=\"async\" width=\"1024\" height=\"533\" src=\"https:\/\/misionreinadelapaz.com\/wp-content\/uploads\/2025\/02\/misionobras_002.jpg\" alt=\"\" class=\"wp-image-907\" style=\"aspect-ratio:4\/3;object-fit:cover\" srcset=\"https:\/\/misionreinadelapaz.com\/wp-content\/uploads\/2025\/02\/misionobras_002.jpg 1024w, https:\/\/misionreinadelapaz.com\/wp-content\/uploads\/2025\/02\/misionobras_002-300x156.jpg 300w, https:\/\/misionreinadelapaz.com\/wp-content\/uploads\/2025\/02\/misionobras_002-768x400.jpg 768w\" sizes=\"auto, (max-width: 1024px) 100vw, 1024px\" \/><\/figure>\n<\/div>\n\n\n\n<div class=\"wp-block-column is-layout-flow wp-container-core-column-is-layout-8a368f38 wp-block-column-is-layout-flow\">\n<div style=\"height:var(--wp--preset--spacing--50)\" aria-hidden=\"true\" class=\"wp-block-spacer\"><\/div>\n\n\n\n<figure class=\"wp-block-image size-full is-style-rounded is-style-rounded--6\"><img loading=\"lazy\" decoding=\"async\" width=\"1024\" height=\"607\" src=\"https:\/\/misionreinadelapaz.com\/wp-content\/uploads\/2025\/02\/misionobras_003.jpg\" alt=\"\" class=\"wp-image-908\" style=\"aspect-ratio:4\/3;object-fit:cover\" srcset=\"https:\/\/misionreinadelapaz.com\/wp-content\/uploads\/2025\/02\/misionobras_003.jpg 1024w, https:\/\/misionreinadelapaz.com\/wp-content\/uploads\/2025\/02\/misionobras_003-300x178.jpg 300w, https:\/\/misionreinadelapaz.com\/wp-content\/uploads\/2025\/02\/misionobras_003-768x455.jpg 768w\" sizes=\"auto, (max-width: 1024px) 100vw, 1024px\" \/><\/figure>\n\n\n\n<div style=\"height:var(--wp--preset--spacing--50)\" aria-hidden=\"true\" class=\"wp-block-spacer\"><\/div>\n<\/div>\n<\/div>\n<\/div>\n\n\n\n<div style=\"height:2.5vh\" aria-hidden=\"true\" class=\"wp-block-spacer\"><\/div>\n\n\n\n<p>Al dejar sus trabajos, Patricia le pregunt\u00f3 a la Virgen:<\/p>\n\n\n\n<p>-\u201cMadre, de que voy a vivir\u201d- Y Ella Le Respondi\u00f3<\/p>\n\n\n\n<p>\u201c- Vas a vivir de Mis ofrendas y de tu Servicio a M\u00ed\u201d.<\/p>\n\n\n\n<p>Patricia no cobra, si no que as\u00ed como ella da en amor y generosidad todo lo que el Cielo Le pide, de la misma manera ella recibe las ofrendas para establecer los lugares que le son Encomendados por la Madre para recibir y cobijar a Sus hijos.<\/p>\n\n\n\n<p>Gracias a las ofrendas recibidas, se han adquirido los terrenos linderos donde se realizar\u00e1n distintas obras y se ha construido un ba\u00f1o.<\/p>\n\n\n\n<p>Actualmente se est\u00e1 construyendo un Quincho de 10 mts. X 15 mts., se est\u00e1n levantando las paredes, gracias a las ofrendas que Patricia est\u00e1 recibiendo.<\/p>\n\n\n\n<p>En dicho lugar, se realizar\u00e1n distintas actividades que la Virgen ya le ha Anunciado a Patricia, como D\u00edas de Sanidad que se llevar\u00e1n a cabo durante la semana para la atenci\u00f3n a los enfermos, rezo de Rosario, Conferencias y Predicas de conversi\u00f3n adem\u00e1s de los D\u00edas de Visitaci\u00f3n.<\/p>\n\n\n\n<div style=\"height:3vh\" aria-hidden=\"true\" class=\"wp-block-spacer\"><\/div>\n\n\n\n<div class=\"wp-block-group alignfull has-global-padding is-layout-constrained wp-container-core-group-is-layout-481dc8fc wp-block-group-is-layout-constrained\" style=\"margin-top:0;margin-bottom:0;padding-top:0;padding-right:0;padding-bottom:0;padding-left:0\">\n<div class=\"wp-block-columns alignwide is-layout-flex wp-container-core-columns-is-layout-ff4b9c61 wp-block-columns-is-layout-flex\" style=\"margin-top:0;margin-bottom:0\">\n<div class=\"wp-block-column is-layout-flow wp-container-core-column-is-layout-8a368f38 wp-block-column-is-layout-flow\">\n<figure class=\"wp-block-image size-full is-style-rounded is-style-rounded--7\"><img loading=\"lazy\" decoding=\"async\" width=\"1024\" height=\"500\" src=\"https:\/\/misionreinadelapaz.com\/wp-content\/uploads\/2024\/11\/misionobras_004.jpg\" alt=\"\" class=\"wp-image-294\" srcset=\"https:\/\/misionreinadelapaz.com\/wp-content\/uploads\/2024\/11\/misionobras_004.jpg 1024w, https:\/\/misionreinadelapaz.com\/wp-content\/uploads\/2024\/11\/misionobras_004-300x146.jpg 300w, https:\/\/misionreinadelapaz.com\/wp-content\/uploads\/2024\/11\/misionobras_004-768x375.jpg 768w\" sizes=\"auto, (max-width: 1024px) 100vw, 1024px\" \/><\/figure>\n\n\n\n<div style=\"height:var(--wp--preset--spacing--50)\" aria-hidden=\"true\" class=\"wp-block-spacer\"><\/div>\n\n\n\n<figure class=\"wp-block-image size-full is-style-rounded is-style-rounded--8\"><img loading=\"lazy\" decoding=\"async\" width=\"1024\" height=\"768\" src=\"https:\/\/misionreinadelapaz.com\/wp-content\/uploads\/2024\/11\/misionobras_005.jpg\" alt=\"\" class=\"wp-image-295\" style=\"aspect-ratio:4\/3;object-fit:cover\" srcset=\"https:\/\/misionreinadelapaz.com\/wp-content\/uploads\/2024\/11\/misionobras_005.jpg 1024w, https:\/\/misionreinadelapaz.com\/wp-content\/uploads\/2024\/11\/misionobras_005-300x225.jpg 300w, https:\/\/misionreinadelapaz.com\/wp-content\/uploads\/2024\/11\/misionobras_005-768x576.jpg 768w\" sizes=\"auto, (max-width: 1024px) 100vw, 1024px\" \/><\/figure>\n<\/div>\n\n\n\n<div class=\"wp-block-column is-layout-flow wp-container-core-column-is-layout-8a368f38 wp-block-column-is-layout-flow\">\n<div style=\"height:var(--wp--preset--spacing--50)\" aria-hidden=\"true\" class=\"wp-block-spacer\"><\/div>\n\n\n\n<figure class=\"wp-block-image size-full is-style-rounded is-style-rounded--9\"><img loading=\"lazy\" decoding=\"async\" width=\"1024\" height=\"768\" src=\"https:\/\/misionreinadelapaz.com\/wp-content\/uploads\/2024\/11\/misionobras_006.jpg\" alt=\"\" class=\"wp-image-296\" style=\"aspect-ratio:4\/3;object-fit:cover\" srcset=\"https:\/\/misionreinadelapaz.com\/wp-content\/uploads\/2024\/11\/misionobras_006.jpg 1024w, https:\/\/misionreinadelapaz.com\/wp-content\/uploads\/2024\/11\/misionobras_006-300x225.jpg 300w, https:\/\/misionreinadelapaz.com\/wp-content\/uploads\/2024\/11\/misionobras_006-768x576.jpg 768w\" sizes=\"auto, (max-width: 1024px) 100vw, 1024px\" \/><\/figure>\n\n\n\n<div style=\"height:var(--wp--preset--spacing--50)\" aria-hidden=\"true\" class=\"wp-block-spacer\"><\/div>\n<\/div>\n<\/div>\n<\/div>\n<\/div>\n\n\n\n<div class=\"wp-block-group has-global-padding is-layout-constrained wp-container-core-group-is-layout-650790e1 wp-block-group-is-layout-constrained\">\n<div style=\"height:3rem\" aria-hidden=\"true\" class=\"wp-block-spacer\"><\/div>\n\n\n\n<figure class=\"wp-block-image aligncenter size-full is-resized\"><img loading=\"lazy\" decoding=\"async\" width=\"366\" height=\"370\" src=\"https:\/\/misionreinadelapaz.com\/wp-content\/uploads\/2024\/11\/assets_01.png\" alt=\"\" class=\"wp-image-52\" style=\"width:48px;height:auto\" srcset=\"https:\/\/misionreinadelapaz.com\/wp-content\/uploads\/2024\/11\/assets_01.png 366w, https:\/\/misionreinadelapaz.com\/wp-content\/uploads\/2024\/11\/assets_01-297x300.png 297w\" sizes=\"auto, (max-width: 366px) 100vw, 366px\" \/><\/figure>\n\n\n\n<div style=\"height:3rem\" aria-hidden=\"true\" class=\"wp-block-spacer\"><\/div>\n<\/div>\n<\/div>\n<\/div>\n\n\n\n<div class=\"wp-block-column is-layout-flow wp-block-column-is-layout-flow\" style=\"flex-basis:15%\"><\/div>\n<\/div>\n<\/main>\n\n\n\n<div style=\"height:2.5vh\" aria-hidden=\"true\" class=\"wp-block-spacer\"><\/div>\n\n\n\n<div style=\"height:50px\" aria-hidden=\"true\" class=\"wp-block-spacer\"><\/div>\n\n\n\n<h4 class=\"wp-block-heading has-text-align-center\">Para quienes deseen colaborar con la<br>Misi\u00f3n Reina de la Paz:<\/h4>\n\n\n\n<div style=\"height:15px\" aria-hidden=\"true\" class=\"wp-block-spacer\"><\/div>\n\n\n\n<blockquote class=\"wp-block-quote is-layout-flow wp-block-quote-is-layout-flow\">\n<p class=\"has-text-align-center\">CVU: 0000003100130356874571<br>Alias: misionreinadelapaz<\/p>\n\n\n\n<p class=\"has-text-align-center\">CUIT\/CUIL: 20353997395<\/p>\n\n\n\n<p class=\"has-text-align-center\">Mercado Pago&nbsp;<\/p>\n\n\n\n<p class=\"has-text-align-center\">Destinatario: Juan Francisco Ojeda<br>Coordinador general de la Misi\u00f3n Reina de la Paz.<\/p>\n<\/blockquote>\n\n\n\n<div style=\"height:28px\" aria-hidden=\"true\" class=\"wp-block-spacer\"><\/div>\n\n\n\n<h4 class=\"wp-block-heading has-text-align-center\"><strong>Gracias y Bendiciones<\/strong><\/h4>\n\n\n\n<div style=\"height:100px\" aria-hidden=\"true\" class=\"wp-block-spacer\"><\/div>\n","protected":false},"excerpt":{"rendered":"<p>Misi\u00f3n &#8211; Obras Misi\u00f3n Reina de la Paz Est\u00e1 ubicada en el Barrio Santa Isabel, Ruta 38 km. 91, localidad de Charbonier, a 9 km., al norte de Capilla del Monte. C\u00f3rdoba \u2013 Argentina. El 11 de febrero de 2009, viviendo Patricia en su casa de La Plata, la Virgen en Aparici\u00f3n se le Muestra [&hellip;]<\/p>\n","protected":false},"author":1,"featured_media":0,"parent":0,"menu_order":0,"comment_status":"closed","ping_status":"closed","template":"page-no-title","meta":{"footnotes":""},"class_list":["post-743","page","type-page","status-publish","hentry"],"_links":{"self":[{"href":"https:\/\/misionreinadelapaz.com\/index.php\/wp-json\/wp\/v2\/pages\/743","targetHints":{"allow":["GET"]}}],"collection":[{"href":"https:\/\/misionreinadelapaz.com\/index.php\/wp-json\/wp\/v2\/pages"}],"about":[{"href":"https:\/\/misionreinadelapaz.com\/index.php\/wp-json\/wp\/v2\/types\/page"}],"author":[{"embeddable":true,"href":"https:\/\/misionreinadelapaz.com\/index.php\/wp-json\/wp\/v2\/users\/1"}],"replies":[{"embeddable":true,"href":"https:\/\/misionreinadelapaz.com\/index.php\/wp-json\/wp\/v2\/comments?post=743"}],"version-history":[{"count":30,"href":"https:\/\/misionreinadelapaz.com\/index.php\/wp-json\/wp\/v2\/pages\/743\/revisions"}],"predecessor-version":[{"id":945,"href":"https:\/\/misionreinadelapaz.com\/index.php\/wp-json\/wp\/v2\/pages\/743\/revisions\/945"}],"wp:attachment":[{"href":"https:\/\/misionreinadelapaz.com\/index.php\/wp-json\/wp\/v2\/media?parent=743"}],"curies":[{"name":"wp","href":"https:\/\/api.w.org\/{rel}","templated":true}]}}