{"id":623,"date":"2024-12-03T03:27:12","date_gmt":"2024-12-03T03:27:12","guid":{"rendered":"https:\/\/misionreinadelapaz.com\/?page_id=623"},"modified":"2024-12-03T10:41:41","modified_gmt":"2024-12-03T10:41:41","slug":"como-rezar-el-rosario","status":"publish","type":"page","link":"https:\/\/misionreinadelapaz.com\/index.php\/como-rezar-el-rosario\/","title":{"rendered":"Como rezar el rosario"},"content":{"rendered":"\n<div style=\"background-image:url(&apos;https:\/\/misionreinadelapaz.com\/wp-content\/uploads\/2024\/11\/Cabezal_01-e1731715569435.jpg&apos;);background-size:cover;\" class=\"wp-block-group alignfull is-layout-flow wp-block-group-is-layout-flow has-background\">\n<div class=\"wp-block-group is-layout-flow wp-block-group-is-layout-flow\">\n<div style=\"height:55px\" aria-hidden=\"true\" class=\"wp-block-spacer\"><\/div>\n\n\n\n<h1 class=\"wp-block-heading has-text-align-center txtsombra2 has-contrast-2-color has-text-color has-link-color has-large-font-size wp-elements-eba9d060555190678a12ac027fcecf1e\">Como rezar el rosario<\/h1>\n\n\n\n<div style=\"height:45px\" aria-hidden=\"true\" class=\"wp-block-spacer\"><\/div>\n<\/div>\n\n\n\n<div class=\"wp-block-group alignfull nomargin has-background is-layout-flow wp-block-group-is-layout-flow\" style=\"background:linear-gradient(0deg,rgb(245,248,250) 0%,rgba(81,167,224,0.52) 88%,rgba(223,217,92,0.52) 98%);margin-top:0px;margin-bottom:0px\">\n<div style=\"height:30px\" aria-hidden=\"true\" class=\"wp-block-spacer nomargin\"><\/div>\n<\/div>\n<\/div>\n\n\n\n<div class=\"wp-block-group alignwide sombra1 has-background has-global-padding is-layout-constrained wp-container-core-group-is-layout-d3c951e3 wp-block-group-is-layout-constrained\" style=\"border-radius:25px;background:linear-gradient(135deg,rgba(162,218,252,0.8) 0%,rgba(190,247,247,0.79) 51%,rgba(240,177,250,0.75) 100%)\">\n<div style=\"height:50px\" aria-hidden=\"true\" class=\"wp-block-spacer\"><\/div>\n\n\n\n<figure class=\"wp-block-image aligncenter size-large has-custom-border boxneonblanco2\"><img decoding=\"async\" src=\"https:\/\/misionreinadelapaz.com\/wp-content\/uploads\/2024\/11\/Rezo_del_Rosario.jpg\" alt=\"\" class=\"has-border-color\" style=\"border-color:#edf8fe;border-width:3px;border-radius:15px\"\/><\/figure>\n\n\n\n<div style=\"height:50px\" aria-hidden=\"true\" class=\"wp-block-spacer\"><\/div>\n\n\n\n<p class=\"has-gilda-display-font-family\" style=\"font-size:clamp(0.875rem, 0.875rem + ((1vw - 0.2rem) * 0.708), 1.3rem);font-style:normal;font-weight:700\">Los invitamos a rezar de coraz\u00f3n y de alma, como la Madre Quiere, como el Cristo Pide, para la salvaci\u00f3n de nuestras almas, de todas las ataduras que nosotros mismos nos infligimos por nuestro olvido Celeste.<\/p>\n\n\n\n<p class=\"has-gilda-display-font-family\" style=\"font-size:clamp(0.875rem, 0.875rem + ((1vw - 0.2rem) * 0.708), 1.3rem);font-style:normal;font-weight:700\">Los invitamos a rezar el rosario blanco, como la Virgen Misma mostr\u00f3 en Lourdes, con la sencillez del coraz\u00f3n en la devoci\u00f3n a la Inmaculada Concepci\u00f3n, que es Su Gracia Santificante, el Rayo Blanco de Manifestaci\u00f3n para purificar nuestras almas, y volver a ser ni\u00f1os otra vez, en una consciencia de pureza, para comenzar a caminar otra vez con esa sencillez.<\/p>\n\n\n\n<p class=\"has-gilda-display-font-family\" style=\"font-size:clamp(0.875rem, 0.875rem + ((1vw - 0.2rem) * 0.708), 1.3rem);font-style:normal;font-weight:700\">Los invitamos a rezar el santo rosario de rodillas, buscando la humildad de un Francisco de As\u00eds, con el alma del devoto, con verdadera devoci\u00f3n, donde su gozo m\u00e1s grande era verse, mostr\u00e1ndose a s\u00ed mismo tal cual era ante Aquel que Es, para que, a trav\u00e9s de esta confesi\u00f3n, podamos hallar en el alma salvaci\u00f3n.<\/p>\n\n\n\n<div style=\"height:50px\" aria-hidden=\"true\" class=\"wp-block-spacer\"><\/div>\n\n\n\n<p><strong><em>Comenzamos con la Se\u00f1al de la Santa Cruz<\/em><\/strong><\/p>\n\n\n\n<div style=\"height:20px\" aria-hidden=\"true\" class=\"wp-block-spacer\"><\/div>\n\n\n\n<blockquote class=\"wp-block-quote has-text-color has-background has-link-color has-quintessential-font-family wp-elements-9331fcf9600d8c288f66ba6002ffeba0 is-layout-flow wp-block-quote-is-layout-flow\" style=\"color:#0568d2;background-color:#ffffff85;margin-top:var(--wp--preset--spacing--10);margin-bottom:var(--wp--preset--spacing--10)\">\n<p class=\"has-text-align-center\" style=\"font-size:clamp(0.984rem, 0.984rem + ((1vw - 0.2rem) * 0.86), 1.5rem);\">Por el Poder de la Santa Cruz,<\/p>\n\n\n\n<p class=\"has-text-align-center\" style=\"font-size:clamp(0.984rem, 0.984rem + ((1vw - 0.2rem) * 0.86), 1.5rem);\">de nuestros enemigos,<\/p>\n\n\n\n<p class=\"has-text-align-center\" style=\"font-size:clamp(0.984rem, 0.984rem + ((1vw - 0.2rem) * 0.86), 1.5rem);\">l\u00edbranos Se\u00f1or Dios nuestro.<\/p>\n\n\n\n<p class=\"has-text-align-center\" style=\"font-size:clamp(0.984rem, 0.984rem + ((1vw - 0.2rem) * 0.86), 1.5rem);\">En el Nombre de Dios que Es Padre,<\/p>\n\n\n\n<p class=\"has-text-align-center\" style=\"font-size:clamp(0.984rem, 0.984rem + ((1vw - 0.2rem) * 0.86), 1.5rem);\">Dios que Es Hijo,<\/p>\n\n\n\n<p class=\"has-text-align-center\" style=\"font-size:clamp(0.984rem, 0.984rem + ((1vw - 0.2rem) * 0.86), 1.5rem);\">Dios que Es Esp\u00edritu Santo.<\/p>\n\n\n\n<p class=\"has-text-align-center\" style=\"font-size:clamp(0.984rem, 0.984rem + ((1vw - 0.2rem) * 0.86), 1.5rem);\">Am\u00e9n.<\/p>\n<\/blockquote>\n\n\n\n<div style=\"height:70px\" aria-hidden=\"true\" class=\"wp-block-spacer\"><\/div>\n\n\n\n<p><strong><em>Rezamos un Padre Eterno<\/em><\/strong><\/p>\n\n\n\n<div style=\"height:20px\" aria-hidden=\"true\" class=\"wp-block-spacer\"><\/div>\n\n\n\n<h3 class=\"wp-block-heading has-text-align-center txtsombra1\">Padre Eterno<\/h3>\n\n\n\n<blockquote class=\"wp-block-quote has-text-align-center has-text-color has-background has-link-color has-quintessential-font-family wp-elements-e34a39ea0ec8a37d5da2b3b387840a9c is-layout-flow wp-container-core-quote-is-layout-0a88b5a1 wp-block-quote-is-layout-flow\" style=\"color:#0568d2;background-color:#ffffff85;margin-top:var(--wp--preset--spacing--10);margin-right:0;margin-bottom:var(--wp--preset--spacing--10);margin-left:0;padding-right:0;padding-left:0\">\n<p class=\"has-text-align-center\" style=\"font-size:clamp(0.984rem, 0.984rem + ((1vw - 0.2rem) * 0.86), 1.5rem);\">Padre Eterno, que Est\u00e1s en la Gloria del Cielo Celeste,<\/p>\n\n\n\n<p class=\"has-text-align-center\" style=\"font-size:clamp(0.984rem, 0.984rem + ((1vw - 0.2rem) * 0.86), 1.5rem);\">Glorificada y Santificada Sea la Luz de Tu Santo Nombre,<\/p>\n\n\n\n<p class=\"has-text-align-center\" style=\"font-size:clamp(0.984rem, 0.984rem + ((1vw - 0.2rem) * 0.86), 1.5rem);\">Venga a nosotros la Luz de Tu Reino Espiritual,<\/p>\n\n\n\n<p class=\"has-text-align-center\" style=\"font-size:clamp(0.984rem, 0.984rem + ((1vw - 0.2rem) * 0.86), 1.5rem);\">y Sea Establecida Tu Voluntad,<\/p>\n\n\n\n<p class=\"has-text-align-center\" style=\"font-size:clamp(0.984rem, 0.984rem + ((1vw - 0.2rem) * 0.86), 1.5rem);\">a trav\u00e9s de Tus Mandatos de Amor y Misericordia Divina,<\/p>\n\n\n\n<p class=\"has-text-align-center\" style=\"font-size:clamp(0.984rem, 0.984rem + ((1vw - 0.2rem) * 0.86), 1.5rem);\">Danos hoy nuestro pan de cada d\u00eda de nuestro bien providencial,<\/p>\n\n\n\n<p class=\"has-text-align-center\" style=\"font-size:clamp(0.984rem, 0.984rem + ((1vw - 0.2rem) * 0.86), 1.5rem);\">Perdona nuestras ofensas a Tus Mandatos de Amparo, de Amor, y<\/p>\n\n\n\n<p class=\"has-text-align-center\" style=\"font-size:clamp(0.984rem, 0.984rem + ((1vw - 0.2rem) * 0.86), 1.5rem);\">Misericordia Celestial,<\/p>\n\n\n\n<p class=\"has-text-align-center\" style=\"font-size:clamp(0.984rem, 0.984rem + ((1vw - 0.2rem) * 0.86), 1.5rem);\">As\u00ed como nosotros perdonamos a quienes nos ofenden y nos<\/p>\n\n\n\n<p class=\"has-text-align-center\" style=\"font-size:clamp(0.984rem, 0.984rem + ((1vw - 0.2rem) * 0.86), 1.5rem);\">tientan,<\/p>\n\n\n\n<p class=\"has-text-align-center\" style=\"font-size:clamp(0.984rem, 0.984rem + ((1vw - 0.2rem) * 0.86), 1.5rem);\">Mas no nos dejes caer en ca\u00edda o tentaci\u00f3n,<\/p>\n\n\n\n<p class=\"has-text-align-center\" style=\"font-size:clamp(0.984rem, 0.984rem + ((1vw - 0.2rem) * 0.86), 1.5rem);\">Y pres\u00e9rvanos de todo mal que es satan\u00e1s y sus legiones infernales,<\/p>\n\n\n\n<p class=\"has-text-align-center\" style=\"font-size:clamp(0.984rem, 0.984rem + ((1vw - 0.2rem) * 0.86), 1.5rem);\">Por el Poder de Justicia de San Miguel Arc\u00e1ngel, y sus Jerarqu\u00edas<\/p>\n\n\n\n<p class=\"has-text-align-center\" style=\"font-size:clamp(0.984rem, 0.984rem + ((1vw - 0.2rem) * 0.86), 1.5rem);\">Celestiales,<\/p>\n\n\n\n<p class=\"has-text-align-center\" style=\"font-size:clamp(0.984rem, 0.984rem + ((1vw - 0.2rem) * 0.86), 1.5rem);\">En el Santo Nombre de Cristo Redentor,<\/p>\n\n\n\n<p class=\"has-text-align-center\" style=\"font-size:clamp(0.984rem, 0.984rem + ((1vw - 0.2rem) * 0.86), 1.5rem);\">A Quien Sea dada toda Gloria y Alabanza,<\/p>\n\n\n\n<p class=\"has-text-align-center\" style=\"font-size:clamp(0.984rem, 0.984rem + ((1vw - 0.2rem) * 0.86), 1.5rem);\">Hoy y siempre, para siempre, y para toda la Eternidad.<\/p>\n\n\n\n<p class=\"has-text-align-center\" style=\"font-size:clamp(0.984rem, 0.984rem + ((1vw - 0.2rem) * 0.86), 1.5rem);\">Am\u00e9n.<\/p>\n<\/blockquote>\n\n\n\n<div style=\"height:70px\" aria-hidden=\"true\" class=\"wp-block-spacer\"><\/div>\n\n\n\n<p><strong><em>Rezamos un Ave Mar\u00eda por cada cuenta de la decena<\/em><\/strong><\/p>\n\n\n\n<div style=\"height:20px\" aria-hidden=\"true\" class=\"wp-block-spacer\"><\/div>\n\n\n\n<h3 class=\"wp-block-heading has-text-align-center txtsombra1\">Ave Mar\u00eda<\/h3>\n\n\n\n<blockquote class=\"wp-block-quote has-text-align-center has-text-color has-background has-link-color has-quintessential-font-family wp-elements-be1a1eec8bcc50d8f526a84eed49e5f1 is-layout-flow wp-block-quote-is-layout-flow\" style=\"color:#0568d2;background-color:#ffffff85;margin-top:var(--wp--preset--spacing--10);margin-bottom:var(--wp--preset--spacing--10)\">\n<p class=\"has-text-align-center\" style=\"font-size:clamp(0.984rem, 0.984rem + ((1vw - 0.2rem) * 0.86), 1.5rem);\">Dios te salve Mar\u00eda, llena Eres de Gracia, el Se\u00f1or es contigo.<\/p>\n\n\n\n<p class=\"has-text-align-center\" style=\"font-size:clamp(0.984rem, 0.984rem + ((1vw - 0.2rem) * 0.86), 1.5rem);\">Bendita tu Eres entre todas las mujeres, y bendito es el Fruto de tu<\/p>\n\n\n\n<p class=\"has-text-align-center\" style=\"font-size:clamp(0.984rem, 0.984rem + ((1vw - 0.2rem) * 0.86), 1.5rem);\">vientre Jes\u00fas.<\/p>\n\n\n\n<p class=\"has-text-align-center\" style=\"font-size:clamp(0.984rem, 0.984rem + ((1vw - 0.2rem) * 0.86), 1.5rem);\">Santa Mar\u00eda, Madre de Dios, ruega por nosotros pecadores, ahora<\/p>\n\n\n\n<p class=\"has-text-align-center\" style=\"font-size:clamp(0.984rem, 0.984rem + ((1vw - 0.2rem) * 0.86), 1.5rem);\">y en la hora de nuestra muerte.<\/p>\n\n\n\n<p class=\"has-text-align-center\" style=\"font-size:clamp(0.984rem, 0.984rem + ((1vw - 0.2rem) * 0.86), 1.5rem);\">Am\u00e9n.<\/p>\n<\/blockquote>\n\n\n\n<div style=\"height:70px\" aria-hidden=\"true\" class=\"wp-block-spacer\"><\/div>\n\n\n\n<p><strong><em>Al finalizar la decena decimos el Gloria<\/em><\/strong><\/p>\n\n\n\n<div style=\"height:20px\" aria-hidden=\"true\" class=\"wp-block-spacer\"><\/div>\n\n\n\n<h3 class=\"wp-block-heading has-text-align-center txtsombra1\">Gloria<\/h3>\n\n\n\n<blockquote class=\"wp-block-quote has-text-align-center has-text-color has-background has-link-color has-quintessential-font-family wp-elements-f6b7f89fa7bac4b4d03b9db21b60b6cc is-layout-flow wp-block-quote-is-layout-flow\" style=\"color:#0568d2;background-color:#ffffff85;margin-top:var(--wp--preset--spacing--10);margin-bottom:var(--wp--preset--spacing--10)\">\n<p class=\"has-text-align-center\" style=\"font-size:clamp(0.984rem, 0.984rem + ((1vw - 0.2rem) * 0.86), 1.5rem);\">Gloria a Dios que Es Padre,<\/p>\n\n\n\n<p class=\"has-text-align-center\" style=\"font-size:clamp(0.984rem, 0.984rem + ((1vw - 0.2rem) * 0.86), 1.5rem);\">Gloria a Dios que Es Hijo,<\/p>\n\n\n\n<p class=\"has-text-align-center\" style=\"font-size:clamp(0.984rem, 0.984rem + ((1vw - 0.2rem) * 0.86), 1.5rem);\">Gloria a Dios que Es Esp\u00edritu Santo.<\/p>\n\n\n\n<p class=\"has-text-align-center\" style=\"font-size:clamp(0.984rem, 0.984rem + ((1vw - 0.2rem) * 0.86), 1.5rem);\">Como \u00e9rase en un principio, ahora y siempre,<\/p>\n\n\n\n<p class=\"has-text-align-center\" style=\"font-size:clamp(0.984rem, 0.984rem + ((1vw - 0.2rem) * 0.86), 1.5rem);\">por los siglos de los siglos.<\/p>\n\n\n\n<p class=\"has-text-align-center\" style=\"font-size:clamp(0.984rem, 0.984rem + ((1vw - 0.2rem) * 0.86), 1.5rem);\">Am\u00e9n.<br><\/p>\n\n\n\n<p class=\"has-text-align-center\" style=\"font-size:clamp(0.984rem, 0.984rem + ((1vw - 0.2rem) * 0.86), 1.5rem);\">Sagrado Coraz\u00f3n de Jes\u00fas, en vos conf\u00edo.<br><\/p>\n\n\n\n<p class=\"has-text-align-center\" style=\"font-size:clamp(0.984rem, 0.984rem + ((1vw - 0.2rem) * 0.86), 1.5rem);\">Inmaculado Coraz\u00f3n de Mar\u00eda, s\u00e9 la salvaci\u00f3n del alma m\u00eda.<\/p>\n<\/blockquote>\n\n\n\n<div style=\"height:70px\" aria-hidden=\"true\" class=\"wp-block-spacer\"><\/div>\n\n\n\n<p><strong><em>Repetimos todo desde el Padre Eterno, hasta completar las cinco secuencias de decenas.<\/em><\/strong><\/p>\n\n\n\n<div style=\"height:60px\" aria-hidden=\"true\" class=\"wp-block-spacer\"><\/div>\n\n\n\n<p><strong><em>Para terminar rezamos un Dios te salve<\/em><\/strong><\/p>\n\n\n\n<div style=\"height:20px\" aria-hidden=\"true\" class=\"wp-block-spacer\"><\/div>\n\n\n\n<h3 class=\"wp-block-heading has-text-align-center txtsombra1\">Dios te salve<\/h3>\n\n\n\n<blockquote class=\"wp-block-quote has-text-align-center has-text-color has-background has-link-color has-quintessential-font-family wp-elements-1d28bbc72d7655700b281ea729c09815 is-layout-flow wp-block-quote-is-layout-flow\" style=\"color:#0568d2;background-color:#ffffffa8;margin-top:var(--wp--preset--spacing--10);margin-bottom:var(--wp--preset--spacing--10);padding-top:var(--wp--preset--spacing--10);padding-right:0;padding-bottom:var(--wp--preset--spacing--10);padding-left:0\">\n<p class=\"has-text-align-center\" style=\"font-size:clamp(0.984rem, 0.984rem + ((1vw - 0.2rem) * 0.86), 1.5rem);\">Dios te salve, Reina y Madre de misericordia,<\/p>\n\n\n\n<p class=\"has-text-align-center\" style=\"font-size:clamp(0.984rem, 0.984rem + ((1vw - 0.2rem) * 0.86), 1.5rem);\">vida, dulzura y esperanza nuestra,<\/p>\n\n\n\n<p class=\"has-text-align-center\" style=\"font-size:clamp(0.984rem, 0.984rem + ((1vw - 0.2rem) * 0.86), 1.5rem);\">Dios te salve, a Ti te llamamos los desterrados hijos de Eva;<\/p>\n\n\n\n<p class=\"has-text-align-center\" style=\"font-size:clamp(0.984rem, 0.984rem + ((1vw - 0.2rem) * 0.86), 1.5rem);\">a Ti suspiramos, gimiendo y llorando en este valle de l\u00e1grimas.<\/p>\n\n\n\n<p class=\"has-text-align-center\" style=\"font-size:clamp(0.984rem, 0.984rem + ((1vw - 0.2rem) * 0.86), 1.5rem);\">Ea, pues, Se\u00f1ora abogada nuestra,<\/p>\n\n\n\n<p class=\"has-text-align-center\" style=\"font-size:clamp(0.984rem, 0.984rem + ((1vw - 0.2rem) * 0.86), 1.5rem);\">vuelve a nosotros esos Tus ojos misericordiosos y,<\/p>\n\n\n\n<p class=\"has-text-align-center\" style=\"font-size:clamp(0.984rem, 0.984rem + ((1vw - 0.2rem) * 0.86), 1.5rem);\">despu\u00e9s de este destierro, mu\u00e9stranos a Jes\u00fas,<\/p>\n\n\n\n<p class=\"has-text-align-center\" style=\"font-size:clamp(0.984rem, 0.984rem + ((1vw - 0.2rem) * 0.86), 1.5rem);\">Fruto Bendito de tu vientre.<\/p>\n\n\n\n<p class=\"has-text-align-center\" style=\"font-size:clamp(0.984rem, 0.984rem + ((1vw - 0.2rem) * 0.86), 1.5rem);\">\u00a1Oh clement\u00edsima! \u00a1Oh piadosa! \u00a1Oh dulce y siempre Virgen<\/p>\n\n\n\n<p class=\"has-text-align-center\" style=\"font-size:clamp(0.984rem, 0.984rem + ((1vw - 0.2rem) * 0.86), 1.5rem);\">Mar\u00eda!<\/p>\n\n\n\n<p class=\"has-text-align-center\" style=\"font-size:clamp(0.984rem, 0.984rem + ((1vw - 0.2rem) * 0.86), 1.5rem);\">Ruega por nosotros Santa Madre de Dios,<\/p>\n\n\n\n<p class=\"has-text-align-center\" style=\"font-size:clamp(0.984rem, 0.984rem + ((1vw - 0.2rem) * 0.86), 1.5rem);\">para que seamos dignos de alcanzar las promesas de nuestro Se\u00f1or<\/p>\n\n\n\n<p class=\"has-text-align-center\" style=\"font-size:clamp(0.984rem, 0.984rem + ((1vw - 0.2rem) * 0.86), 1.5rem);\">Jesucristo.<br><\/p>\n\n\n\n<p class=\"has-text-align-center\" style=\"font-size:clamp(0.984rem, 0.984rem + ((1vw - 0.2rem) * 0.86), 1.5rem);\">Am\u00e9n.<\/p>\n<\/blockquote>\n\n\n\n<div style=\"height:100px\" aria-hidden=\"true\" class=\"wp-block-spacer\"><\/div>\n<\/div>\n\n\n\n<div style=\"height:100px\" aria-hidden=\"true\" class=\"wp-block-spacer\"><\/div>\n\n\n\n<div style=\"height:100px\" aria-hidden=\"true\" class=\"wp-block-spacer\"><\/div>\n\n\n\n<p><\/p>\n","protected":false},"excerpt":{"rendered":"<p>Como rezar el rosario Los invitamos a rezar de coraz\u00f3n y de alma, como la Madre Quiere, como el Cristo Pide, para la salvaci\u00f3n de nuestras almas, de todas las ataduras que nosotros mismos nos infligimos por nuestro olvido Celeste. Los invitamos a rezar el rosario blanco, como la Virgen Misma mostr\u00f3 en Lourdes, con [&hellip;]<\/p>\n","protected":false},"author":1,"featured_media":0,"parent":0,"menu_order":0,"comment_status":"closed","ping_status":"closed","template":"page-no-title","meta":{"footnotes":""},"class_list":["post-623","page","type-page","status-publish","hentry"],"_links":{"self":[{"href":"https:\/\/misionreinadelapaz.com\/index.php\/wp-json\/wp\/v2\/pages\/623","targetHints":{"allow":["GET"]}}],"collection":[{"href":"https:\/\/misionreinadelapaz.com\/index.php\/wp-json\/wp\/v2\/pages"}],"about":[{"href":"https:\/\/misionreinadelapaz.com\/index.php\/wp-json\/wp\/v2\/types\/page"}],"author":[{"embeddable":true,"href":"https:\/\/misionreinadelapaz.com\/index.php\/wp-json\/wp\/v2\/users\/1"}],"replies":[{"embeddable":true,"href":"https:\/\/misionreinadelapaz.com\/index.php\/wp-json\/wp\/v2\/comments?post=623"}],"version-history":[{"count":43,"href":"https:\/\/misionreinadelapaz.com\/index.php\/wp-json\/wp\/v2\/pages\/623\/revisions"}],"predecessor-version":[{"id":732,"href":"https:\/\/misionreinadelapaz.com\/index.php\/wp-json\/wp\/v2\/pages\/623\/revisions\/732"}],"wp:attachment":[{"href":"https:\/\/misionreinadelapaz.com\/index.php\/wp-json\/wp\/v2\/media?parent=623"}],"curies":[{"name":"wp","href":"https:\/\/api.w.org\/{rel}","templated":true}]}}